{"id":7,"date":"2019-01-10T20:15:13","date_gmt":"2019-01-10T19:15:13","guid":{"rendered":"http:\/\/bdlire.fr\/?page_id=7"},"modified":"2020-10-03T18:11:52","modified_gmt":"2020-10-03T16:11:52","slug":"accueil","status":"publish","type":"page","link":"https:\/\/bdlire.fr\/","title":{"rendered":"Derniers articles parus"},"content":{"rendered":"<div style='text-align:left' class='yasr-auto-insert-visitor'><\/div><div id=\"pl-7\"  class=\"panel-layout\" ><div id=\"pg-7-0\"  class=\"panel-grid panel-has-style\" ><div style=\"padding-top: 5px; padding-bottom: 5px; \" data-mobile-padding=\"25px\" data-overlay-color=\"#000000\" class=\"panel-row-style panel-row-style-for-7-0\" ><div id=\"pgc-7-0-0\"  class=\"panel-grid-cell\" ><div id=\"panel-7-0-0-0\" class=\"so-panel widget widget_siteorigin-panels-postloop panel-first-child\" data-index=\"0\" ><div style=\"text-align: center;\" data-title-color=\"#2d3142\" data-headings-color=\"#2d3142\" data-h1-size=\"36px\" data-h2-size=\"30px\" data-h3-size=\"24px\" data-h4-size=\"18px\" data-body-size=\"16px\" class=\"panel-widget-style panel-widget-style-for-7-0-0-0\" >\n<article id=\"post-19927\" class=\"post-19927 post type-post status-publish format-standard has-post-thumbnail hentry category-avril-2023 tag-441 tag-espionnage tag-grand-angle tag-josse tag-thriller tag-toussaint post-item clearfix\">\n\n\t\t<div class=\"entry-thumb\">\n\t\t<a href=\"https:\/\/bdlire.fr\/index.php\/2023\/05\/29\/de-lautre-cote-du-mur-de-kid-toussaint-et-tristant-josse\/\" title=\"De l&#8217;autre c\u00f4t\u00e9 du mur de Kid Toussaint et Tristant Josse\"><img width=\"400\" height=\"529\" src=\"https:\/\/bdlire.fr\/wp-content\/uploads\/2023\/05\/9782818989081_fiche.webp\" class=\"attachment-talon-blog-image size-talon-blog-image wp-post-image\" alt=\"de-lautre-cote-du-mur-bd\" decoding=\"async\" loading=\"lazy\" srcset=\"https:\/\/bdlire.fr\/wp-content\/uploads\/2023\/05\/9782818989081_fiche.webp 400w, https:\/\/bdlire.fr\/wp-content\/uploads\/2023\/05\/9782818989081_fiche-227x300.webp 227w, https:\/\/bdlire.fr\/wp-content\/uploads\/2023\/05\/9782818989081_fiche-200x265.webp 200w, https:\/\/bdlire.fr\/wp-content\/uploads\/2023\/05\/9782818989081_fiche-300x397.webp 300w\" sizes=\"(max-width: 400px) 100vw, 400px\" \/><\/a>\n\t<\/div>\n\t\n\t<div class=\"post-content\">\n\t\t<header class=\"entry-header\">\n\t\t\t<h4 class=\"entry-title\"><a href=\"https:\/\/bdlire.fr\/index.php\/2023\/05\/29\/de-lautre-cote-du-mur-de-kid-toussaint-et-tristant-josse\/\" rel=\"bookmark\">De l&#8217;autre c\u00f4t\u00e9 du mur de Kid Toussaint et Tristant Josse<\/a><\/h4>\t\t\t<div class=\"entry-meta\">\n\t\t\t\t<span class=\"byline\"><span class=\"author vcard\"><a class=\"url fn n\" href=\"https:\/\/bdlire.fr\/index.php\/author\/admin9723\/\">Garbeurg<\/a><\/span><\/span><span class=\"meta-dash\">&ndash;<\/span><span class=\"posted-on\"><time class=\"entry-date published\" datetime=\"2023-05-29T10:49:52+02:00\">29 mai 2023<\/time><time class=\"updated\" datetime=\"2023-05-29T11:17:05+02:00\">29 mai 2023<\/time><\/span>\t\t\t<\/div><!-- .entry-meta -->\n\t\t\t\t\t<\/header><!-- .entry-header -->\n\n\t\t<div class=\"entry-content\">\n\t\t\t<p>Casse brique ! L&#8217;action se passe \u00e0 Berlin ouest en 1961, un peu apr\u00e8s la construction du mur. Les quatre meilleurs passe-murailles sont recrut\u00e9s par 2 agents de l&#8217;ouest pour faire \u00e9vader un maximum de <a class=\"read-more\" href=\"https:\/\/bdlire.fr\/index.php\/2023\/05\/29\/de-lautre-cote-du-mur-de-kid-toussaint-et-tristant-josse\/\">&#8230;<\/a><\/p>\n\t\t<\/div><!-- .entry-content -->\n\t<\/div>\n<\/article><!-- #post-## -->\n\n<article id=\"post-19702\" class=\"post-19702 post type-post status-publish format-standard has-post-thumbnail hentry category-non-classe tag-441 tag-brugeas tag-guillo tag-histoire tag-toulhoat post-item clearfix\">\n\n\t\t<div class=\"entry-thumb\">\n\t\t<a href=\"https:\/\/bdlire.fr\/index.php\/2023\/05\/08\/cosaques-tome-2-de-vincent-brugeas-ronan-toulhaot-et-yoann-guillo\/\" title=\"Cosaques, tome 2 de Vincent Brugeas, Ronan Toulhaot et Yoann Guillo\"><img width=\"400\" height=\"528\" src=\"https:\/\/bdlire.fr\/wp-content\/uploads\/2023\/05\/cosaques-dans-la-gueule-du-loup.jpg\" class=\"attachment-talon-blog-image size-talon-blog-image wp-post-image\" alt=\"cosaques-bd-tome2\" decoding=\"async\" loading=\"lazy\" srcset=\"https:\/\/bdlire.fr\/wp-content\/uploads\/2023\/05\/cosaques-dans-la-gueule-du-loup.jpg 400w, https:\/\/bdlire.fr\/wp-content\/uploads\/2023\/05\/cosaques-dans-la-gueule-du-loup-227x300.jpg 227w, https:\/\/bdlire.fr\/wp-content\/uploads\/2023\/05\/cosaques-dans-la-gueule-du-loup-200x264.jpg 200w, https:\/\/bdlire.fr\/wp-content\/uploads\/2023\/05\/cosaques-dans-la-gueule-du-loup-300x396.jpg 300w\" sizes=\"(max-width: 400px) 100vw, 400px\" \/><\/a>\n\t<\/div>\n\t\n\t<div class=\"post-content\">\n\t\t<header class=\"entry-header\">\n\t\t\t<h4 class=\"entry-title\"><a href=\"https:\/\/bdlire.fr\/index.php\/2023\/05\/08\/cosaques-tome-2-de-vincent-brugeas-ronan-toulhaot-et-yoann-guillo\/\" rel=\"bookmark\">Cosaques, tome 2 de Vincent Brugeas, Ronan Toulhaot et Yoann Guillo<\/a><\/h4>\t\t\t<div class=\"entry-meta\">\n\t\t\t\t<span class=\"byline\"><span class=\"author vcard\"><a class=\"url fn n\" href=\"https:\/\/bdlire.fr\/index.php\/author\/admin9723\/\">Garbeurg<\/a><\/span><\/span><span class=\"meta-dash\">&ndash;<\/span><span class=\"posted-on\"><time class=\"entry-date published\" datetime=\"2023-05-08T14:11:23+02:00\">8 mai 2023<\/time><time class=\"updated\" datetime=\"2023-05-08T14:41:56+02:00\">8 mai 2023<\/time><\/span>\t\t\t<\/div><!-- .entry-meta -->\n\t\t\t\t\t<\/header><!-- .entry-header -->\n\n\t\t<div class=\"entry-content\">\n\t\t\t<p>La famille c&#8217;est compliqu\u00e9 En ce mois de mai, para\u00eet le second tome des aventures de Karlis, beau brun t\u00e9n\u00e9breux, apatride, d\u00e9serteur, ayant trouv\u00e9 refuge chez les cosaques, peuple fier et libre. Apr\u00e8s la longue <a class=\"read-more\" href=\"https:\/\/bdlire.fr\/index.php\/2023\/05\/08\/cosaques-tome-2-de-vincent-brugeas-ronan-toulhaot-et-yoann-guillo\/\">&#8230;<\/a><\/p>\n\t\t<\/div><!-- .entry-content -->\n\t<\/div>\n<\/article><!-- #post-## -->\n\n<article id=\"post-19670\" class=\"post-19670 post type-post status-publish format-standard has-post-thumbnail hentry category-aventures category-mai-2023 category-sciencefiction category-tous category-western tag-441 tag-ecologie tag-label-619 tag-science-fiction tag-singelin tag-space-opera post-item clearfix\">\n\n\t\t<div class=\"entry-thumb\">\n\t\t<a href=\"https:\/\/bdlire.fr\/index.php\/2023\/05\/07\/frontier-de-guillaume-singelin\/\" title=\"Frontier de Guillaume Singelin\"><img width=\"400\" height=\"561\" src=\"https:\/\/bdlire.fr\/wp-content\/uploads\/2023\/05\/arton31406-05c30.png\" class=\"attachment-talon-blog-image size-talon-blog-image wp-post-image\" alt=\"frontier-bd-singelin\" decoding=\"async\" loading=\"lazy\" srcset=\"https:\/\/bdlire.fr\/wp-content\/uploads\/2023\/05\/arton31406-05c30.png 400w, https:\/\/bdlire.fr\/wp-content\/uploads\/2023\/05\/arton31406-05c30-214x300.png 214w, https:\/\/bdlire.fr\/wp-content\/uploads\/2023\/05\/arton31406-05c30-200x281.png 200w, https:\/\/bdlire.fr\/wp-content\/uploads\/2023\/05\/arton31406-05c30-300x421.png 300w\" sizes=\"(max-width: 400px) 100vw, 400px\" \/><\/a>\n\t<\/div>\n\t\n\t<div class=\"post-content\">\n\t\t<header class=\"entry-header\">\n\t\t\t<h4 class=\"entry-title\"><a href=\"https:\/\/bdlire.fr\/index.php\/2023\/05\/07\/frontier-de-guillaume-singelin\/\" rel=\"bookmark\">Frontier de Guillaume Singelin<\/a><\/h4>\t\t\t<div class=\"entry-meta\">\n\t\t\t\t<span class=\"byline\"><span class=\"author vcard\"><a class=\"url fn n\" href=\"https:\/\/bdlire.fr\/index.php\/author\/admin9723\/\">Garbeurg<\/a><\/span><\/span><span class=\"meta-dash\">&ndash;<\/span><span class=\"posted-on\"><time class=\"entry-date published\" datetime=\"2023-05-07T10:19:26+02:00\">7 mai 2023<\/time><time class=\"updated\" datetime=\"2023-05-07T11:09:47+02:00\">7 mai 2023<\/time><\/span>\t\t\t<\/div><!-- .entry-meta -->\n\t\t\t\t\t<\/header><!-- .entry-header -->\n\n\t\t<div class=\"entry-content\">\n\t\t\t<p>Espace fronti\u00e8re de l&#8217;infini ! Dans le futur, une fois les ressources naturelles \u00e9puis\u00e9es sur Terre, l&#8217;humanit\u00e9 s&#8217;est \u00e9lanc\u00e9e au-del\u00e0 de la derni\u00e8re fronti\u00e8re \u00e0 sa disposition, l&#8217;espace. De gigantesques corporations &#8220;les corpos&#8221; ont install\u00e9 <a class=\"read-more\" href=\"https:\/\/bdlire.fr\/index.php\/2023\/05\/07\/frontier-de-guillaume-singelin\/\">&#8230;<\/a><\/p>\n\t\t<\/div><!-- .entry-content -->\n\t<\/div>\n<\/article><!-- #post-## -->\n\n<article id=\"post-19603\" class=\"post-19603 post type-post status-publish format-standard has-post-thumbnail hentry category-avril-2023 category-chronique-sociale category-sciencefiction category-tous tag-441 tag-intelligence-artificielle tag-paul-rey tag-sarbacane tag-science-fiction post-item clearfix\">\n\n\t\t<div class=\"entry-thumb\">\n\t\t<a href=\"https:\/\/bdlire.fr\/index.php\/2023\/05\/01\/le-syndrome-de-liceberg-de-paul-rey\/\" title=\"Le syndrome de l&#8217;iceberg de Paul Rey\"><img width=\"400\" height=\"542\" src=\"https:\/\/bdlire.fr\/wp-content\/uploads\/2023\/05\/le-syndrome-de-l-iceberg-couv-web-400x.jpg\" class=\"attachment-talon-blog-image size-talon-blog-image wp-post-image\" alt=\"le-syndrome-de-l-iceberg-couv-web-400x\" decoding=\"async\" loading=\"lazy\" srcset=\"https:\/\/bdlire.fr\/wp-content\/uploads\/2023\/05\/le-syndrome-de-l-iceberg-couv-web-400x.jpg 400w, https:\/\/bdlire.fr\/wp-content\/uploads\/2023\/05\/le-syndrome-de-l-iceberg-couv-web-400x-221x300.jpg 221w, https:\/\/bdlire.fr\/wp-content\/uploads\/2023\/05\/le-syndrome-de-l-iceberg-couv-web-400x-200x271.jpg 200w, https:\/\/bdlire.fr\/wp-content\/uploads\/2023\/05\/le-syndrome-de-l-iceberg-couv-web-400x-300x407.jpg 300w\" sizes=\"(max-width: 400px) 100vw, 400px\" \/><\/a>\n\t<\/div>\n\t\n\t<div class=\"post-content\">\n\t\t<header class=\"entry-header\">\n\t\t\t<h4 class=\"entry-title\"><a href=\"https:\/\/bdlire.fr\/index.php\/2023\/05\/01\/le-syndrome-de-liceberg-de-paul-rey\/\" rel=\"bookmark\">Le syndrome de l&#8217;iceberg de Paul Rey<\/a><\/h4>\t\t\t<div class=\"entry-meta\">\n\t\t\t\t<span class=\"byline\"><span class=\"author vcard\"><a class=\"url fn n\" href=\"https:\/\/bdlire.fr\/index.php\/author\/admin9723\/\">Garbeurg<\/a><\/span><\/span><span class=\"meta-dash\">&ndash;<\/span><span class=\"posted-on\"><time class=\"entry-date published\" datetime=\"2023-05-01T15:28:59+02:00\">1 mai 2023<\/time><time class=\"updated\" datetime=\"2023-05-01T16:01:09+02:00\">1 mai 2023<\/time><\/span>\t\t\t<\/div><!-- .entry-meta -->\n\t\t\t\t\t<\/header><!-- .entry-header -->\n\n\t\t<div class=\"entry-content\">\n\t\t\t<p>Mais dans quel \u00e9tat j&#8217;erre ? Bienvenue en 2055 dans un monde o\u00f9 les intelligences artificielles sont partout, dans tous les objets qui nous entourent ! Et moins qu&#8217;on puisse dire c&#8217;est qu&#8217;elles sont contentes <a class=\"read-more\" href=\"https:\/\/bdlire.fr\/index.php\/2023\/05\/01\/le-syndrome-de-liceberg-de-paul-rey\/\">&#8230;<\/a><\/p>\n\t\t<\/div><!-- .entry-content -->\n\t<\/div>\n<\/article><!-- #post-## -->\n\n<article id=\"post-19119\" class=\"post-19119 post type-post status-publish format-standard has-post-thumbnail hentry category-aventures category-avril-2023 category-bdchireeannee category-romangraphique category-tous tag-441 tag-aventure tag-bihel tag-delcourt tag-tibet post-item clearfix\">\n\n\t\t<div class=\"entry-thumb\">\n\t\t<a href=\"https:\/\/bdlire.fr\/index.php\/2023\/03\/26\/a-la-recherche-de-lhomme-sauvage-de-frederic-bihel\/\" title=\"\u00c0 la recherche de l&#8217;homme sauvage de Fr\u00e9d\u00e9ric Bihel\"><img width=\"400\" height=\"527\" src=\"https:\/\/bdlire.fr\/wp-content\/uploads\/2023\/03\/9782413039112-001-X.jpeg\" class=\"attachment-talon-blog-image size-talon-blog-image wp-post-image\" alt=\"\u00c0-la-recherche-de-l-Homme-Sauvage\" decoding=\"async\" loading=\"lazy\" srcset=\"https:\/\/bdlire.fr\/wp-content\/uploads\/2023\/03\/9782413039112-001-X.jpeg 400w, https:\/\/bdlire.fr\/wp-content\/uploads\/2023\/03\/9782413039112-001-X-228x300.jpeg 228w, https:\/\/bdlire.fr\/wp-content\/uploads\/2023\/03\/9782413039112-001-X-200x264.jpeg 200w, https:\/\/bdlire.fr\/wp-content\/uploads\/2023\/03\/9782413039112-001-X-300x395.jpeg 300w\" sizes=\"(max-width: 400px) 100vw, 400px\" \/><\/a>\n\t<\/div>\n\t\n\t<div class=\"post-content\">\n\t\t<header class=\"entry-header\">\n\t\t\t<h4 class=\"entry-title\"><a href=\"https:\/\/bdlire.fr\/index.php\/2023\/03\/26\/a-la-recherche-de-lhomme-sauvage-de-frederic-bihel\/\" rel=\"bookmark\">\u00c0 la recherche de l&#8217;homme sauvage de Fr\u00e9d\u00e9ric Bihel<\/a><\/h4>\t\t\t<div class=\"entry-meta\">\n\t\t\t\t<span class=\"byline\"><span class=\"author vcard\"><a class=\"url fn n\" href=\"https:\/\/bdlire.fr\/index.php\/author\/admin9723\/\">Garbeurg<\/a><\/span><\/span><span class=\"meta-dash\">&ndash;<\/span><span class=\"posted-on\"><time class=\"entry-date published\" datetime=\"2023-03-26T14:54:09+02:00\">26 mars 2023<\/time><time class=\"updated\" datetime=\"2023-03-26T15:39:41+02:00\">26 mars 2023<\/time><\/span>\t\t\t<\/div><!-- .entry-meta -->\n\t\t\t\t\t<\/header><!-- .entry-header -->\n\n\t\t<div class=\"entry-content\">\n\t\t\t<p>Tintin au Wikistan ! \u00a0 Superbe roman graphique et vibrant hommage \u00e0 Herg\u00e9 et Tintin au Tibet, la recherche de l&#8217;homme sauvage nous entra\u00eene au c\u0153ur des montagnes du Karakoram au Pakistan. Depuis la mort <a class=\"read-more\" href=\"https:\/\/bdlire.fr\/index.php\/2023\/03\/26\/a-la-recherche-de-lhomme-sauvage-de-frederic-bihel\/\">&#8230;<\/a><\/p>\n\t\t<\/div><!-- .entry-content -->\n\t<\/div>\n<\/article><!-- #post-## -->\n\n<article id=\"post-18667\" class=\"post-18667 post type-post status-publish format-standard has-post-thumbnail hentry category-chronique-sociale category-drame category-janvier-2023 category-romangraphique category-tous tag-441 tag-drame tag-luxi tag-orwell tag-politique tag-sarbacane post-item clearfix\">\n\n\t\t<div class=\"entry-thumb\">\n\t\t<a href=\"https:\/\/bdlire.fr\/index.php\/2023\/02\/19\/les-enfants-du-reve-chinois-de-luxi\/\" title=\"Les enfants du r\u00eave chinois de Luxi\"><img width=\"400\" height=\"542\" src=\"https:\/\/bdlire.fr\/wp-content\/uploads\/2023\/02\/couv-les-enfants-du-reve-chinois-400x.jpg\" class=\"attachment-talon-blog-image size-talon-blog-image wp-post-image\" alt=\"couv-les-enfants-du-reve-chinois\" decoding=\"async\" loading=\"lazy\" srcset=\"https:\/\/bdlire.fr\/wp-content\/uploads\/2023\/02\/couv-les-enfants-du-reve-chinois-400x.jpg 400w, https:\/\/bdlire.fr\/wp-content\/uploads\/2023\/02\/couv-les-enfants-du-reve-chinois-400x-221x300.jpg 221w, https:\/\/bdlire.fr\/wp-content\/uploads\/2023\/02\/couv-les-enfants-du-reve-chinois-400x-200x271.jpg 200w, https:\/\/bdlire.fr\/wp-content\/uploads\/2023\/02\/couv-les-enfants-du-reve-chinois-400x-300x407.jpg 300w\" sizes=\"(max-width: 400px) 100vw, 400px\" \/><\/a>\n\t<\/div>\n\t\n\t<div class=\"post-content\">\n\t\t<header class=\"entry-header\">\n\t\t\t<h4 class=\"entry-title\"><a href=\"https:\/\/bdlire.fr\/index.php\/2023\/02\/19\/les-enfants-du-reve-chinois-de-luxi\/\" rel=\"bookmark\">Les enfants du r\u00eave chinois de Luxi<\/a><\/h4>\t\t\t<div class=\"entry-meta\">\n\t\t\t\t<span class=\"byline\"><span class=\"author vcard\"><a class=\"url fn n\" href=\"https:\/\/bdlire.fr\/index.php\/author\/admin9723\/\">Garbeurg<\/a><\/span><\/span><span class=\"meta-dash\">&ndash;<\/span><span class=\"posted-on\"><time class=\"entry-date published\" datetime=\"2023-02-19T10:33:32+01:00\">19 f\u00e9vrier 2023<\/time><time class=\"updated\" datetime=\"2023-02-19T11:28:09+01:00\">19 f\u00e9vrier 2023<\/time><\/span>\t\t\t<\/div><!-- .entry-meta -->\n\t\t\t\t\t<\/header><!-- .entry-header -->\n\n\t\t<div class=\"entry-content\">\n\t\t\t<p>Entre tradition et modernit\u00e9, premi\u00e8re ! Superbe roman graphique de ce d\u00e9but d&#8217;ann\u00e9e, qui raconte le tournage chaotique d&#8217;un documentaire en Chine sur Fanfan, professeure dans un petit village rural. L&#8217;album raconte l&#8217;envers du d\u00e9cor <a class=\"read-more\" href=\"https:\/\/bdlire.fr\/index.php\/2023\/02\/19\/les-enfants-du-reve-chinois-de-luxi\/\">&#8230;<\/a><\/p>\n\t\t<\/div><!-- .entry-content -->\n\t<\/div>\n<\/article><!-- #post-## -->\n\n<article id=\"post-18368\" class=\"post-18368 post type-post status-publish format-standard has-post-thumbnail hentry category-chronique-sociale category-romangraphique category-tous tag-441 tag-dargaud tag-nebbache tag-proces tag-roman-graphique post-item clearfix\">\n\n\t\t<div class=\"entry-thumb\">\n\t\t<a href=\"https:\/\/bdlire.fr\/index.php\/2023\/01\/22\/brancusi-contre-etats-unis-de-arnaud-nebbache\/\" title=\"Brancusi contre Etats-Unis de Arnaud Nebbache\"><img width=\"298\" height=\"400\" src=\"https:\/\/bdlire.fr\/wp-content\/uploads\/2023\/01\/brancusi-contre-etats-unis.jpg\" class=\"attachment-talon-blog-image size-talon-blog-image wp-post-image\" alt=\"brancusi-contre-etats-unis\" decoding=\"async\" loading=\"lazy\" srcset=\"https:\/\/bdlire.fr\/wp-content\/uploads\/2023\/01\/brancusi-contre-etats-unis.jpg 298w, https:\/\/bdlire.fr\/wp-content\/uploads\/2023\/01\/brancusi-contre-etats-unis-224x300.jpg 224w, https:\/\/bdlire.fr\/wp-content\/uploads\/2023\/01\/brancusi-contre-etats-unis-200x268.jpg 200w\" sizes=\"(max-width: 298px) 100vw, 298px\" \/><\/a>\n\t<\/div>\n\t\n\t<div class=\"post-content\">\n\t\t<header class=\"entry-header\">\n\t\t\t<h4 class=\"entry-title\"><a href=\"https:\/\/bdlire.fr\/index.php\/2023\/01\/22\/brancusi-contre-etats-unis-de-arnaud-nebbache\/\" rel=\"bookmark\">Brancusi contre Etats-Unis de Arnaud Nebbache<\/a><\/h4>\t\t\t<div class=\"entry-meta\">\n\t\t\t\t<span class=\"byline\"><span class=\"author vcard\"><a class=\"url fn n\" href=\"https:\/\/bdlire.fr\/index.php\/author\/admin9723\/\">Garbeurg<\/a><\/span><\/span><span class=\"meta-dash\">&ndash;<\/span><span class=\"posted-on\"><time class=\"entry-date published\" datetime=\"2023-01-22T14:17:18+01:00\">22 janvier 2023<\/time><time class=\"updated\" datetime=\"2023-01-22T15:02:31+01:00\">22 janvier 2023<\/time><\/span>\t\t\t<\/div><!-- .entry-meta -->\n\t\t\t\t\t<\/header><!-- .entry-header -->\n\n\t\t<div class=\"entry-content\">\n\t\t\t<p>En art point de fronti\u00e8re ! \u00a0 Tir\u00e9e d&#8217;une histoire vraie, l&#8217;album raconte l&#8217;\u00e9tonnante histoire du sculpteur Constantin Brancusi qui d\u00e9cida d&#8217;attaquer en justice le gouvernement am\u00e9ricain suite \u00e0 la taxation d&#8217;une de ses \u0153uvres <a class=\"read-more\" href=\"https:\/\/bdlire.fr\/index.php\/2023\/01\/22\/brancusi-contre-etats-unis-de-arnaud-nebbache\/\">&#8230;<\/a><\/p>\n\t\t<\/div><!-- .entry-content -->\n\t<\/div>\n<\/article><!-- #post-## -->\n\n<article id=\"post-18239\" class=\"post-18239 post type-post status-publish format-standard has-post-thumbnail hentry category-actus category-tous tag-387 tag-top post-item clearfix\">\n\n\t\t<div class=\"entry-thumb\">\n\t\t<a href=\"https:\/\/bdlire.fr\/index.php\/2023\/01\/08\/mon-top-2022\/\" title=\"Mon Top 2022 !\"><img width=\"412\" height=\"564\" src=\"https:\/\/bdlire.fr\/wp-content\/uploads\/2023\/01\/top2022.png\" class=\"attachment-talon-blog-image size-talon-blog-image wp-post-image\" alt=\"top2022-bdlire\" decoding=\"async\" loading=\"lazy\" srcset=\"https:\/\/bdlire.fr\/wp-content\/uploads\/2023\/01\/top2022.png 412w, https:\/\/bdlire.fr\/wp-content\/uploads\/2023\/01\/top2022-219x300.png 219w, https:\/\/bdlire.fr\/wp-content\/uploads\/2023\/01\/top2022-200x274.png 200w, https:\/\/bdlire.fr\/wp-content\/uploads\/2023\/01\/top2022-300x411.png 300w, https:\/\/bdlire.fr\/wp-content\/uploads\/2023\/01\/top2022-400x548.png 400w\" sizes=\"(max-width: 412px) 100vw, 412px\" \/><\/a>\n\t<\/div>\n\t\n\t<div class=\"post-content\">\n\t\t<header class=\"entry-header\">\n\t\t\t<h4 class=\"entry-title\"><a href=\"https:\/\/bdlire.fr\/index.php\/2023\/01\/08\/mon-top-2022\/\" rel=\"bookmark\">Mon Top 2022 !<\/a><\/h4>\t\t\t<div class=\"entry-meta\">\n\t\t\t\t<span class=\"byline\"><span class=\"author vcard\"><a class=\"url fn n\" href=\"https:\/\/bdlire.fr\/index.php\/author\/admin9723\/\">Garbeurg<\/a><\/span><\/span><span class=\"meta-dash\">&ndash;<\/span><span class=\"posted-on\"><time class=\"entry-date published\" datetime=\"2023-01-08T15:46:04+01:00\">8 janvier 2023<\/time><time class=\"updated\" datetime=\"2023-01-08T16:13:01+01:00\">8 janvier 2023<\/time><\/span>\t\t\t<\/div><!-- .entry-meta -->\n\t\t\t\t\t<\/header><!-- .entry-header -->\n\n\t\t<div class=\"entry-content\">\n\t\t\t<p>La suite des aventures des fr\u00e8res d\u00e9tectives Sangar\u00e9 au milieu de la communaut\u00e9 des habitants tous plus barr\u00e9s les uns que les autres de la petite ville de Saint Elme. C&#8217;est un polar oppressant et <a class=\"read-more\" href=\"https:\/\/bdlire.fr\/index.php\/2023\/01\/08\/mon-top-2022\/\">&#8230;<\/a><\/p>\n\t\t<\/div><!-- .entry-content -->\n\t<\/div>\n<\/article><!-- #post-## -->\n\n<article id=\"post-17814\" class=\"post-17814 post type-post status-publish format-standard has-post-thumbnail hentry category-non-classe category-police category-tous tag-387 tag-editions-phileas tag-policier post-item clearfix\">\n\n\t\t<div class=\"entry-thumb\">\n\t\t<a href=\"https:\/\/bdlire.fr\/index.php\/2022\/11\/27\/le-crime-parfait-bd-chorale-aux-editions-phileas\/\" title=\"&#8220;Le crime parfait&#8221;, BD chorale aux \u00e9ditions Phileas\"><img width=\"400\" height=\"517\" src=\"https:\/\/bdlire.fr\/wp-content\/uploads\/2022\/11\/Le-crime-parfait.jpg\" class=\"attachment-talon-blog-image size-talon-blog-image wp-post-image\" alt=\"Couverture Le Crime Parfait, BD parue aux \u00e9ditions Phileas en 2022\" decoding=\"async\" loading=\"lazy\" srcset=\"https:\/\/bdlire.fr\/wp-content\/uploads\/2022\/11\/Le-crime-parfait.jpg 400w, https:\/\/bdlire.fr\/wp-content\/uploads\/2022\/11\/Le-crime-parfait-232x300.jpg 232w, https:\/\/bdlire.fr\/wp-content\/uploads\/2022\/11\/Le-crime-parfait-200x259.jpg 200w, https:\/\/bdlire.fr\/wp-content\/uploads\/2022\/11\/Le-crime-parfait-300x388.jpg 300w\" sizes=\"(max-width: 400px) 100vw, 400px\" \/><\/a>\n\t<\/div>\n\t\n\t<div class=\"post-content\">\n\t\t<header class=\"entry-header\">\n\t\t\t<h4 class=\"entry-title\"><a href=\"https:\/\/bdlire.fr\/index.php\/2022\/11\/27\/le-crime-parfait-bd-chorale-aux-editions-phileas\/\" rel=\"bookmark\">&#8220;Le crime parfait&#8221;, BD chorale aux \u00e9ditions Phileas<\/a><\/h4>\t\t\t<div class=\"entry-meta\">\n\t\t\t\t<span class=\"byline\"><span class=\"author vcard\"><a class=\"url fn n\" href=\"https:\/\/bdlire.fr\/index.php\/author\/thibaut\/\">Combattut<\/a><\/span><\/span><span class=\"meta-dash\">&ndash;<\/span><span class=\"posted-on\"><time class=\"entry-date published\" datetime=\"2022-11-27T17:02:58+01:00\">27 novembre 2022<\/time><time class=\"updated\" datetime=\"2022-11-27T17:20:16+01:00\">27 novembre 2022<\/time><\/span>\t\t\t<\/div><!-- .entry-meta -->\n\t\t\t\t\t<\/header><!-- .entry-header -->\n\n\t\t<div class=\"entry-content\">\n\t\t\t<p>Le pitch de l&#8217;\u00e9diteur et un peu plus Le crime parfait est le triomphe de la pr\u00e9m\u00e9ditation ! 15 auteurs de bandes dessin\u00e9es revisitent un des plus grands fantasmes du roman policier : le crime <a class=\"read-more\" href=\"https:\/\/bdlire.fr\/index.php\/2022\/11\/27\/le-crime-parfait-bd-chorale-aux-editions-phileas\/\">&#8230;<\/a><\/p>\n\t\t<\/div><!-- .entry-content -->\n\t<\/div>\n<\/article><!-- #post-## -->\n\n<article id=\"post-17787\" class=\"post-17787 post type-post status-publish format-standard has-post-thumbnail hentry category-aventures category-bdchireeannee category-drame category-histoire category-novembre2022 tag-387 tag-aventure tag-dorison tag-glenat tag-montaigne tag-pirates post-item clearfix\">\n\n\t\t<div class=\"entry-thumb\">\n\t\t<a href=\"https:\/\/bdlire.fr\/index.php\/2022\/11\/27\/1629-bd-xavier-dorison\/\" title=\"1629 de Xavier Dorison et Thimot\u00e9e Montaigne\"><img width=\"400\" height=\"546\" src=\"https:\/\/bdlire.fr\/wp-content\/uploads\/2022\/11\/1629-ou-l-effrayante-histoire-des-naufrages-du-Jakarta.jpg\" class=\"attachment-talon-blog-image size-talon-blog-image wp-post-image\" alt=\"1629-ou-l-effrayante-histoire-des-naufrages-du-Jakarta\" decoding=\"async\" loading=\"lazy\" srcset=\"https:\/\/bdlire.fr\/wp-content\/uploads\/2022\/11\/1629-ou-l-effrayante-histoire-des-naufrages-du-Jakarta.jpg 400w, https:\/\/bdlire.fr\/wp-content\/uploads\/2022\/11\/1629-ou-l-effrayante-histoire-des-naufrages-du-Jakarta-220x300.jpg 220w, https:\/\/bdlire.fr\/wp-content\/uploads\/2022\/11\/1629-ou-l-effrayante-histoire-des-naufrages-du-Jakarta-200x273.jpg 200w, https:\/\/bdlire.fr\/wp-content\/uploads\/2022\/11\/1629-ou-l-effrayante-histoire-des-naufrages-du-Jakarta-300x410.jpg 300w\" sizes=\"(max-width: 400px) 100vw, 400px\" \/><\/a>\n\t<\/div>\n\t\n\t<div class=\"post-content\">\n\t\t<header class=\"entry-header\">\n\t\t\t<h4 class=\"entry-title\"><a href=\"https:\/\/bdlire.fr\/index.php\/2022\/11\/27\/1629-bd-xavier-dorison\/\" rel=\"bookmark\">1629 de Xavier Dorison et Thimot\u00e9e Montaigne<\/a><\/h4>\t\t\t<div class=\"entry-meta\">\n\t\t\t\t<span class=\"byline\"><span class=\"author vcard\"><a class=\"url fn n\" href=\"https:\/\/bdlire.fr\/index.php\/author\/admin9723\/\">Garbeurg<\/a><\/span><\/span><span class=\"meta-dash\">&ndash;<\/span><span class=\"posted-on\"><time class=\"entry-date published\" datetime=\"2022-11-27T14:49:30+01:00\">27 novembre 2022<\/time><time class=\"updated\" datetime=\"2022-11-27T15:44:53+01:00\">27 novembre 2022<\/time><\/span>\t\t\t<\/div><!-- .entry-meta -->\n\t\t\t\t\t<\/header><!-- .entry-header -->\n\n\t\t<div class=\"entry-content\">\n\t\t\t<p>La croisi\u00e8re ne s&#8217;amuse pas ! \u00a0 1629, nous raconte l&#8217;histoire du naufrage du Jakarta (Batavia) au large des iles Abrolhos \u00e0 l&#8217;ouest de l&#8217;Australie, le 4 juin 1629. Parti d&#8217;Amsterdam pour les Indes n\u00e9erlandaises <a class=\"read-more\" href=\"https:\/\/bdlire.fr\/index.php\/2022\/11\/27\/1629-bd-xavier-dorison\/\">&#8230;<\/a><\/p>\n\t\t<\/div><!-- .entry-content -->\n\t<\/div>\n<\/article><!-- #post-## -->\n<\/div><\/div><div id=\"panel-7-0-0-1\" class=\"widget_text so-panel widget widget_custom_html panel-last-child\" data-index=\"1\" ><div style=\"text-align: left;\" data-title-color=\"#2d3142\" data-headings-color=\"#2d3142\" data-h1-size=\"36px\" data-h2-size=\"30px\" data-h3-size=\"24px\" data-h4-size=\"18px\" data-body-size=\"16px\" class=\"widget_text panel-widget-style panel-widget-style-for-7-0-0-1\" ><div class=\"textwidget custom-html-widget\"><a href=\"https:\/\/bdlire.fr\/index.php\/category\/tous\/\">Tous les articles<\/a><\/div><\/div><\/div><\/div><\/div><\/div><\/div>","protected":false},"excerpt":{"rendered":"","protected":false},"author":1,"featured_media":0,"parent":0,"menu_order":0,"comment_status":"closed","ping_status":"closed","template":"","meta":{"_mi_skip_tracking":false,"cybocfi_hide_featured_image":"","yasr_overall_rating":0,"yasr_post_is_review":"","yasr_auto_insert_disabled":"","yasr_review_type":""},"yoast_head":"<!-- This site is optimized with the Yoast SEO plugin v20.6 - https:\/\/yoast.com\/wordpress\/plugins\/seo\/ -->\n<title>Derniers articles parus - BDLIRE<\/title>\n<meta name=\"robots\" content=\"index, follow, max-snippet:-1, max-image-preview:large, max-video-preview:-1\" \/>\n<link rel=\"canonical\" href=\"https:\/\/bdlire.fr\/\" \/>\n<meta property=\"og:locale\" content=\"fr_FR\" \/>\n<meta property=\"og:type\" content=\"article\" \/>\n<meta property=\"og:title\" content=\"Derniers articles parus - BDLIRE\" \/>\n<meta property=\"og:url\" content=\"https:\/\/bdlire.fr\/\" \/>\n<meta property=\"og:site_name\" content=\"BDLIRE\" \/>\n<meta property=\"article:publisher\" content=\"https:\/\/www.facebook.com\/BDLire\" \/>\n<meta property=\"article:modified_time\" content=\"2020-10-03T16:11:52+00:00\" \/>\n<meta name=\"twitter:card\" content=\"summary_large_image\" \/>\n<meta name=\"twitter:site\" content=\"@bd_lire\" \/>\n<script type=\"application\/ld+json\" class=\"yoast-schema-graph\">{\"@context\":\"https:\/\/schema.org\",\"@graph\":[{\"@type\":\"WebPage\",\"@id\":\"https:\/\/bdlire.fr\/\",\"url\":\"https:\/\/bdlire.fr\/\",\"name\":\"Derniers articles parus - BDLIRE\",\"isPartOf\":{\"@id\":\"https:\/\/bdlire.fr\/#website\"},\"datePublished\":\"2019-01-10T19:15:13+00:00\",\"dateModified\":\"2020-10-03T16:11:52+00:00\",\"breadcrumb\":{\"@id\":\"https:\/\/bdlire.fr\/#breadcrumb\"},\"inLanguage\":\"fr-FR\",\"potentialAction\":[{\"@type\":\"ReadAction\",\"target\":[\"https:\/\/bdlire.fr\/\"]}]},{\"@type\":\"BreadcrumbList\",\"@id\":\"https:\/\/bdlire.fr\/#breadcrumb\",\"itemListElement\":[{\"@type\":\"ListItem\",\"position\":1,\"name\":\"Accueil\",\"item\":\"https:\/\/bdlire.fr\/\"},{\"@type\":\"ListItem\",\"position\":2,\"name\":\"Derniers articles parus\"}]},{\"@type\":\"WebSite\",\"@id\":\"https:\/\/bdlire.fr\/#website\",\"url\":\"https:\/\/bdlire.fr\/\",\"name\":\"BDLIRE\",\"description\":\"Des BDs et des d\u00e9lires\",\"publisher\":{\"@id\":\"https:\/\/bdlire.fr\/#organization\"},\"potentialAction\":[{\"@type\":\"SearchAction\",\"target\":{\"@type\":\"EntryPoint\",\"urlTemplate\":\"https:\/\/bdlire.fr\/?s={search_term_string}\"},\"query-input\":\"required name=search_term_string\"}],\"inLanguage\":\"fr-FR\"},{\"@type\":\"Organization\",\"@id\":\"https:\/\/bdlire.fr\/#organization\",\"name\":\"BDLIRE\",\"url\":\"https:\/\/bdlire.fr\/\",\"logo\":{\"@type\":\"ImageObject\",\"inLanguage\":\"fr-FR\",\"@id\":\"https:\/\/bdlire.fr\/#\/schema\/logo\/image\/\",\"url\":\"https:\/\/bdlire.fr\/wp-content\/uploads\/2019\/01\/logo-bdlire.png\",\"contentUrl\":\"https:\/\/bdlire.fr\/wp-content\/uploads\/2019\/01\/logo-bdlire.png\",\"width\":200,\"height\":80,\"caption\":\"BDLIRE\"},\"image\":{\"@id\":\"https:\/\/bdlire.fr\/#\/schema\/logo\/image\/\"},\"sameAs\":[\"https:\/\/www.facebook.com\/BDLire\",\"https:\/\/twitter.com\/bd_lire\",\"https:\/\/www.instagram.com\/bdlire_2020\/\"]}]}<\/script>\n<!-- \/ Yoast SEO plugin. -->","yoast_head_json":{"title":"Derniers articles parus - BDLIRE","robots":{"index":"index","follow":"follow","max-snippet":"max-snippet:-1","max-image-preview":"max-image-preview:large","max-video-preview":"max-video-preview:-1"},"canonical":"https:\/\/bdlire.fr\/","og_locale":"fr_FR","og_type":"article","og_title":"Derniers articles parus - BDLIRE","og_url":"https:\/\/bdlire.fr\/","og_site_name":"BDLIRE","article_publisher":"https:\/\/www.facebook.com\/BDLire","article_modified_time":"2020-10-03T16:11:52+00:00","twitter_card":"summary_large_image","twitter_site":"@bd_lire","schema":{"@context":"https:\/\/schema.org","@graph":[{"@type":"WebPage","@id":"https:\/\/bdlire.fr\/","url":"https:\/\/bdlire.fr\/","name":"Derniers articles parus - BDLIRE","isPartOf":{"@id":"https:\/\/bdlire.fr\/#website"},"datePublished":"2019-01-10T19:15:13+00:00","dateModified":"2020-10-03T16:11:52+00:00","breadcrumb":{"@id":"https:\/\/bdlire.fr\/#breadcrumb"},"inLanguage":"fr-FR","potentialAction":[{"@type":"ReadAction","target":["https:\/\/bdlire.fr\/"]}]},{"@type":"BreadcrumbList","@id":"https:\/\/bdlire.fr\/#breadcrumb","itemListElement":[{"@type":"ListItem","position":1,"name":"Accueil","item":"https:\/\/bdlire.fr\/"},{"@type":"ListItem","position":2,"name":"Derniers articles parus"}]},{"@type":"WebSite","@id":"https:\/\/bdlire.fr\/#website","url":"https:\/\/bdlire.fr\/","name":"BDLIRE","description":"Des BDs et des d\u00e9lires","publisher":{"@id":"https:\/\/bdlire.fr\/#organization"},"potentialAction":[{"@type":"SearchAction","target":{"@type":"EntryPoint","urlTemplate":"https:\/\/bdlire.fr\/?s={search_term_string}"},"query-input":"required name=search_term_string"}],"inLanguage":"fr-FR"},{"@type":"Organization","@id":"https:\/\/bdlire.fr\/#organization","name":"BDLIRE","url":"https:\/\/bdlire.fr\/","logo":{"@type":"ImageObject","inLanguage":"fr-FR","@id":"https:\/\/bdlire.fr\/#\/schema\/logo\/image\/","url":"https:\/\/bdlire.fr\/wp-content\/uploads\/2019\/01\/logo-bdlire.png","contentUrl":"https:\/\/bdlire.fr\/wp-content\/uploads\/2019\/01\/logo-bdlire.png","width":200,"height":80,"caption":"BDLIRE"},"image":{"@id":"https:\/\/bdlire.fr\/#\/schema\/logo\/image\/"},"sameAs":["https:\/\/www.facebook.com\/BDLire","https:\/\/twitter.com\/bd_lire","https:\/\/www.instagram.com\/bdlire_2020\/"]}]}},"yasr_visitor_votes":{"stars_attributes":{"read_only":false,"span_bottom":false},"number_of_votes":1,"sum_votes":5},"_links":{"self":[{"href":"https:\/\/bdlire.fr\/index.php\/wp-json\/wp\/v2\/pages\/7"}],"collection":[{"href":"https:\/\/bdlire.fr\/index.php\/wp-json\/wp\/v2\/pages"}],"about":[{"href":"https:\/\/bdlire.fr\/index.php\/wp-json\/wp\/v2\/types\/page"}],"author":[{"embeddable":true,"href":"https:\/\/bdlire.fr\/index.php\/wp-json\/wp\/v2\/users\/1"}],"replies":[{"embeddable":true,"href":"https:\/\/bdlire.fr\/index.php\/wp-json\/wp\/v2\/comments?post=7"}],"version-history":[{"count":62,"href":"https:\/\/bdlire.fr\/index.php\/wp-json\/wp\/v2\/pages\/7\/revisions"}],"predecessor-version":[{"id":6433,"href":"https:\/\/bdlire.fr\/index.php\/wp-json\/wp\/v2\/pages\/7\/revisions\/6433"}],"wp:attachment":[{"href":"https:\/\/bdlire.fr\/index.php\/wp-json\/wp\/v2\/media?parent=7"}],"curies":[{"name":"wp","href":"https:\/\/api.w.org\/{rel}","templated":true}]}}